{"id":2221,"date":"2020-01-14T12:54:18","date_gmt":"2020-01-14T12:54:18","guid":{"rendered":"https:\/\/espectroglobal.es\/publico\/?page_id=2221"},"modified":"2025-12-19T09:33:16","modified_gmt":"2025-12-19T08:33:16","slug":"sintomas","status":"publish","type":"page","link":"https:\/\/espectroglobal.es\/publico\/sintomas\/","title":{"rendered":"S\u00edntomas de esquizofrenia: positivos, negativos, cognitivos"},"content":{"rendered":"\n<div class=\"wp-block-rea-inpage-nav-rea-inpage-nav-block rea-inpage-nav-block front has-margin\"><div class=\"rea-inpage-nav-block__image\" style=\"background-image: url(https:\/\/espectroglobal.es\/publico\/wp-content\/uploads\/2019\/03\/wooden.png)\"><img decoding=\"async\" class=\"inpage-nav-background\" alt=\"\" src=\"https:\/\/espectroglobal.es\/publico\/wp-content\/uploads\/2019\/03\/wooden.png\"><\/div><div class=\"rea-inpage-nav-block__content\"><div class=\"rea-inpage-nav-block__content--wrapper\"><div class=\"text-wrapper\"><h2 class=\"inpage-nav-title\">S\u00edntomas<\/h2><ul class=\"inpage-nav-list\"><li>Durante mucho tiempo, la esquizofrenia se ha considerado un \u00abtrastorno delirante\u00bb: ahora est\u00e1 claro que se trata de un trastorno progresivo con s\u00edntomas multidimensionales.<\/li><\/ul><\/div><div class=\"section-nav\"><h4 class=\"section-nav--title\">En esta secci\u00f3n<\/h4><div class=\"section-nav--nav-items js-inpage-nav-items\"><\/div><\/div><\/div><\/div><\/div>\n\n\n\n<div class=\"wp-block-rea-paragraph-rea-paragraph-block rea-paragraph-block front\"><div class=\"rea-paragraph-block__content\"><p class=\"content-text\"><br>Las personas con esquizofrenia presentan diferentes tipos de s\u00edntomas que pueden afectar a su calidad de vida\u00b9. Estos s\u00edntomas suelen comenzar a una edad temprana, entre los 16 y los 30 a\u00f1os\u00b2. El m\u00e9dico evaluar\u00e1 los s\u00edntomas para realizar el diagn\u00f3stico. Hoy en d\u00eda, existen instrumentos fiables para diagnosticar la esquizofrenia, as\u00ed como tratamientos m\u00e9dicos eficaces que pueden aliviar los s\u00edntomas persistentes con pocos efectos secundarios\u00b3.<br>  <br>Seg\u00fan los m\u00e9dicos, los s\u00edntomas de la esquizofrenia pueden encuadrarse en las tres categor\u00edas principales siguientes\u00b2:<\/p><\/div><\/div>\n\n\n\n<div class=\"wp-block-rea-list-rea-list-block rea-list-block front\"><div class=\"rea-list-block__wrapper\"><div class=\"list-unordered list\"><p> <strong>Positivos<\/strong><\/p><p> <strong>Negativos<\/strong><\/p><p> <strong>Cognitivos<\/strong><\/p><\/div><\/div><\/div><br>\n\n\n\n<div class=\"wp-block-rea-separator-rea-separator-block rea-separator-block front\"><div class=\"rea-separator-block__content\"><hr class=\"rea-separator-block__separator\"><\/div><\/div>\n\n\n\n<div class=\"wp-block-rea-title-rea-title-block rea-title-block front\"><div class=\"rea-title-block__content\"><h3 id=\"strongcules-son-los-sntomas-positivos-de-la-esquizofreniastrong\" class=\"content-title \"><strong>\u00bfCu\u00e1les son los s\u00edntomas positivos de la esquizofrenia?<\/strong><\/h3><h4 class=\"content-subtitle rea-hidden\"><\/h4><\/div><\/div>\n\n\n\n<div class=\"wp-block-rea-paragraph-rea-paragraph-block rea-paragraph-block front\"><div class=\"rea-paragraph-block__content\"><p class=\"content-text\">Las personas con esquizofrenia manifiestan s\u00edntomas positivos cuando muestran comportamientos extra\u00f1os y sienten que est\u00e1n perdiendo el contacto con algunos aspectos de la realidad<sup>2<\/sup>. En la mayor\u00eda de las personas con esquizofrenia, estos s\u00edntomas aparecen y desaparecen, pero pueden persistir a lo largo del tiempo<sup>2<\/sup>. Tambi\u00e9n es frecuente que estos s\u00edntomas pasen desapercibidos<sup>2<\/sup>. Son los siguientes:<\/p><\/div><\/div>\n\n\n\n<div class=\"wp-block-rea-list-rea-list-block rea-list-block front\"><div class=\"rea-list-block__wrapper\"><div class=\"list-unordered list\"><p><em>Alucinaciones<\/em>:  los pacientes ven, oyen, huelen, saborean o sienten cosas que no son reales. Es habitual o\u00edr voces y puede pasar mucho tiempo antes de que alg\u00fan familiar o amigo note algo extra\u00f1o\u00b2.<\/p><p><em>Delirios<\/em>:   los pacientes creen cosas que no son ciertas. Por ejemplo, pueden creer que est\u00e1n en peligro o que las personas a su alrededor est\u00e1n hablando de ellos, aunque no ser\u00e1 cierto\u00b2.<\/p><p><em><em>Confusi\u00f3n de pensamiento<\/em>:<\/em>   la forma de pensar parece il\u00f3gica y tienen problemas para organizar sus pensamientos. No es raro que dejen las frases a medias\u00b2.<\/p><p><em><em>Trastornos del movimiento<\/em>s<\/em>: pueden presentar movimientos corporales anormales o repetidos o, en raras ocasiones, dejar de moverse durante un tiempo <em>(cataton\u00eda)<\/em>\u00b2.<\/p><\/div><\/div><\/div><br>\n\n\n\n<div class=\"wp-block-rea-separator-rea-separator-block rea-separator-block front\"><div class=\"rea-separator-block__content\"><hr class=\"rea-separator-block__separator\"><\/div><\/div>\n\n\n\n<div class=\"wp-block-rea-title-rea-title-block rea-title-block front\"><div class=\"rea-title-block__content\"><h3 id=\"strongcules-son-los-sntomas-negativos-de-la-esquizofreniastrong\" class=\"content-title \"><strong>\u00bfCu\u00e1les son los s\u00edntomas negativos de la esquizofrenia?<\/strong><\/h3><h4 class=\"content-subtitle rea-hidden\"><\/h4><\/div><\/div>\n\n\n\n<div class=\"wp-block-rea-paragraph-rea-paragraph-block rea-paragraph-block front\"><div class=\"rea-paragraph-block__content\"><p class=\"content-text\">Las personas con esquizofrenia presentan s\u00edntomas negativos cuando experimentan retraimiento social y dificultad para manifestar las emociones<sup>2<\/sup>. Estos s\u00edntomas, m\u00e1s que los positivos, pueden ser dif\u00edciles de reconocer y pueden confundirse con una depresi\u00f3n u otras enfermedades<sup>2<\/sup>. Las experiencias podr\u00edan incluir:<\/p><\/div><\/div>\n\n\n\n<div class=\"wp-block-rea-list-rea-list-block rea-list-block front\"><div class=\"rea-list-block__wrapper\"><div class=\"list-unordered list\"><p>Disminuci\u00f3n de las emociones y expresiones y hablar con voz apagada <em>(embotamiento afectivo)<\/em><sup>2,4<\/sup>.<\/p><p>Disminuci\u00f3n del habla, incluso cuando hay algo importante que decir <em>(alogia)<\/em><sup> 2,4<\/sup> .<\/p><p>Dificultad para experimentar placer (<em>anhedonia<\/em>)<sup>2,4<\/sup> .<\/p><p>Retraimiento social, falta de inter\u00e9s en las actividades cotidianas <em>(asociabilidad)<\/em><sup>2,4<\/sup> .<\/p><p>Falta de motivaci\u00f3n, rumbo en la vida o capacidad para cumplir los planes <em>(abulia, apat\u00eda)<\/em><sup> 2,4<\/sup> .<\/p><\/div><\/div><\/div>\n\n\n\n<div class=\"wp-block-rea-paragraph-rea-paragraph-block rea-paragraph-block front\"><div class=\"rea-paragraph-block__content\"><p class=\"content-text\"><br>Si una persona es diagnosticada de esquizofrenia y manifiesta principalmente s\u00edntomas negativos, su m\u00e9dico evaluar\u00e1 si son <strong>primarios<\/strong> o <strong>secundarios<\/strong><sup>5<\/sup>. Los s\u00edntomas negativos primarios se consideran s\u00edntomas esenciales de la esquizofrenia, mientras que los s\u00edntomas negativos secundarios son una consecuencia de los s\u00edntomas positivos<sup>5<\/sup>.<br><br>Los s\u00edntomas negativos secundarios pueden ser consecuencia de:<\/p><\/div><\/div>\n\n\n\n<div class=\"wp-block-rea-list-rea-list-block rea-list-block front\"><div class=\"rea-list-block__wrapper\"><div class=\"list-unordered list\"><p>Efectos secundarios neurol\u00f3gicos, por ejemplo, efectos secundarios extrapiramidales provocados por medicamentos, diston\u00eda aguda, parkinsonismo inducido por antipsic\u00f3ticos y dificultad para moverse <sup>5<\/sup> .<\/p><p>Depresi\u00f3n, por ejemplo, depresi\u00f3n pospsic\u00f3tica o inducida por antipsic\u00f3ticos <sup>5<\/sup> .<\/p><p>Factores ambientales, por ejemplo, falta de estimulaci\u00f3n social que puede producirse despu\u00e9s de una hospitalizaci\u00f3n prolongada<sup>5<\/sup> .<\/p><\/div><\/div><\/div><br>\n\n\n\n<div class=\"wp-block-rea-separator-rea-separator-block rea-separator-block front\"><div class=\"rea-separator-block__content\"><hr class=\"rea-separator-block__separator\"><\/div><\/div>\n\n\n\n<div class=\"wp-block-rea-title-rea-title-block rea-title-block front\"><div class=\"rea-title-block__content\"><h3 id=\"strongcules-son-los-sntomas-cognitivos-de-la-esquizofreniastrong\" class=\"content-title \"><strong>\u00bfCu\u00e1les son los s\u00edntomas cognitivos de la esquizofrenia?<\/strong><\/h3><h4 class=\"content-subtitle rea-hidden\"><\/h4><\/div><\/div>\n\n\n\n<div class=\"wp-block-rea-paragraph-rea-paragraph-block rea-paragraph-block front\"><div class=\"rea-paragraph-block__content\"><p class=\"content-text\">En algunos pacientes, los s\u00edntomas <strong>cognitivos<\/strong> de la esquizofrenia son sutiles, pero en otros, pueden ser m\u00e1s intensos<sup>2<\/sup>. Los s\u00edntomas cognitivos son dif\u00edciles de detectar y pueden requerir una evaluaci\u00f3n especial<sup>2<\/sup>. Si una persona con esquizofrenia presenta s\u00edntomas cognitivos, puede notar:<br><br><\/p><\/div><\/div>\n\n\n\n<div class=\"wp-block-rea-list-rea-list-block rea-list-block front\"><div class=\"rea-list-block__wrapper\"><div class=\"list-unordered list\"><p>Poca capacidad para procesar la informaci\u00f3n y tomar decisiones<sup>2<\/sup> .<\/p><p>Dificultad para concentrarse en una tarea<sup>2<\/sup> .<\/p><p>Problemas con la memoria a corto plazo (de trabajo)<sup>2<\/sup> .<\/p><\/div><\/div><\/div><br>\n\n\n\n<div class=\"wp-block-rea-separator-rea-separator-block rea-separator-block front\"><div class=\"rea-separator-block__content\"><hr class=\"rea-separator-block__separator\"><\/div><\/div>\n\n\n\n<div class=\"wp-block-rea-title-rea-title-block rea-title-block front\"><div class=\"rea-title-block__content\"><h3 id=\"strongcul-es-el-patrn-de-los-sntomas-de-la-esquizofreniastrong\" class=\"content-title \"><strong>\u00bfCu\u00e1l es el patr\u00f3n de los s\u00edntomas de la esquizofrenia?<\/strong><\/h3><h4 class=\"content-subtitle rea-hidden\"><\/h4><\/div><\/div>\n\n\n\n<div class=\"wp-block-rea-paragraph-rea-paragraph-block rea-paragraph-block front\"><div class=\"rea-paragraph-block__content\"><p class=\"content-text\">La esquizofrenia suele comenzar con un per\u00edodo prodr\u00f3mico que puede durar entre unos d\u00edas y 18 meses, y la persona afectada puede percibir un deterioro del funcionamiento personal o problemas de memoria y concentraci\u00f3n<sup>6<\/sup>. El per\u00edodo prodr\u00f3mico va seguido del primer episodio de psicosis (PEP), expresado con delirios, alucinaciones, trastornos del comportamiento y angustia<sup>6<\/sup>. Despu\u00e9s del PEP empieza la fase \u00abresidual\u00bb, que dura muchos a\u00f1os y puede verse interrumpida por episodios psic\u00f3ticos agudos recurrentes<sup>6<\/sup>. Los episodios agudos pueden controlarse con las intervenciones farmacol\u00f3gicas y psicol\u00f3gicas adecuadas<sup>6<\/sup>.<br> <br>Estos son los aspectos generales de la esquizofrenia. No obstante, la evoluci\u00f3n de la enfermedad var\u00eda de forma considerable en cada persona, y los s\u00edntomas de una nunca ser\u00e1n exactamente iguales que los de otra<sup>6<\/sup>. Algunas personas tendr\u00e1n s\u00edntomas positivos durante muy poco tiempo, otras los experimentar\u00e1n durante muchos a\u00f1os, mientras que otras no pasar\u00e1n el per\u00edodo prodr\u00f3mico<sup>6<\/sup>.<br><br><\/p><\/div><\/div>\n\n\n\n<div class=\"wp-block-rea-illustration-rea-illustration-block rea-illustration-block front\"><img class=\"illustration-bg\" alt=\"\"><div class=\"rea-illustration-block__content\"><div class=\"rea-illustration-block__image image-wrapper\"><a href=\"https:\/\/espectroglobal.es\/publico\/wp-content\/uploads\/2025\/05\/K008_01_1366px.webp\" rel=\"noopener noreferrer\" target=\"_blank\" class=\"\"><img decoding=\"async\" class=\"illustration left\" alt=\"\" src=\"https:\/\/espectroglobal.es\/publico\/wp-content\/uploads\/2025\/05\/K008_01_1366px.webp\" style=\"max-width: 100%\"><img decoding=\"async\" class=\"rea-mobile illustration-mobile\" alt=\"\" src=\"https:\/\/espectroglobal.es\/publico\/wp-content\/uploads\/2025\/05\/K008_01_1366px.webp\"><\/a><\/div><p class=\"rea-site__caption caption-text align-left\"><\/p><\/div><\/div>\n\n\n\n<div class=\"wp-block-rea-paragraph-rea-paragraph-block rea-paragraph-block front\"><div class=\"rea-paragraph-block__content\"><p class=\"content-text\"><br>Visite la secci\u00f3n de diagn\u00f3stico para obtener m\u00e1s informaci\u00f3n sobre el diagn\u00f3stico de la esquizofrenia.<br><\/p><\/div><\/div>\n\n\n\n<div class=\"wp-block-rea-references-rea-references-block rea-references-block front\"><div class=\"rea-references-block__references\"><p class=\"references-title\">Referencias<\/p><ol class=\"references-list\"><li>Arsova S. Open Access Maced J Med Sci. 2016;4(3):388-391<\/li><li>National Institute of Mental Health. Schizophrenia: https:\/\/www.nimh.nih.gov\/health\/publications\/schizophrenia\/index.shtml<\/li><li>National Institutes of Health. Schizophrenia NIH Factsheet 2010: https:\/\/report.nih.gov\/nihfactsheets\/viewfactsheet.aspx?csid=67<\/li><li>Tandon R. Current Psychiatry 2002;1(9):36-42<\/li><li>Kirschner M. Schizophr Res. 2017; 186:29-38<\/li><li>NICE CG 178<\/li><li>Millan et al. Eur Neuropsychopharmacol. 2014; 24(5):645-92<\/li><\/ol><\/div><\/div>\n\n\n\n\n","protected":false},"excerpt":{"rendered":"","protected":false},"author":1,"featured_media":2376,"parent":0,"menu_order":0,"comment_status":"closed","ping_status":"closed","template":"page-fullwidth.php","meta":{"_acf_changed":false,"rea_page_title_signed_in_meta_block_field":"S\u00edntomas","rea_page_title_signed_out_meta_block_field":"Sobre los s\u00edntomas de la esquizofrenia","rea_page_description_signed_in_meta_block_field":"Las personas con esquizofrenia pueden presentar diversos s\u00edntomas, que pueden repercutir en su calidad de vida.\u00b9 Estos s\u00edntomas suelen comenzar a una edad temprana, entre los 16 y los 30 a\u00f1os.\u00b2","rea_page_description_signed_out_meta_block_field":"Las personas con esquizofrenia pueden presentar diversos s\u00edntomas, que pueden repercutir en su calidad de vida.\u00b9 Estos s\u00edntomas suelen comenzar a una edad temprana, entre los 16 y los 30 a\u00f1os.\u00b2","rea_page_footer_id_meta_block_field":"","rea_page_footer_date_meta_block_field":"","footnotes":""},"class_list":["post-2221","page","type-page","status-publish","has-post-thumbnail","hentry"],"acf":[],"_links":{"self":[{"href":"https:\/\/espectroglobal.es\/publico\/wp-json\/wp\/v2\/pages\/2221","targetHints":{"allow":["GET"]}}],"collection":[{"href":"https:\/\/espectroglobal.es\/publico\/wp-json\/wp\/v2\/pages"}],"about":[{"href":"https:\/\/espectroglobal.es\/publico\/wp-json\/wp\/v2\/types\/page"}],"author":[{"embeddable":true,"href":"https:\/\/espectroglobal.es\/publico\/wp-json\/wp\/v2\/users\/1"}],"replies":[{"embeddable":true,"href":"https:\/\/espectroglobal.es\/publico\/wp-json\/wp\/v2\/comments?post=2221"}],"version-history":[{"count":58,"href":"https:\/\/espectroglobal.es\/publico\/wp-json\/wp\/v2\/pages\/2221\/revisions"}],"predecessor-version":[{"id":4922,"href":"https:\/\/espectroglobal.es\/publico\/wp-json\/wp\/v2\/pages\/2221\/revisions\/4922"}],"wp:featuredmedia":[{"embeddable":true,"href":"https:\/\/espectroglobal.es\/publico\/wp-json\/wp\/v2\/media\/2376"}],"wp:attachment":[{"href":"https:\/\/espectroglobal.es\/publico\/wp-json\/wp\/v2\/media?parent=2221"}],"curies":[{"name":"wp","href":"https:\/\/api.w.org\/{rel}","templated":true}]}}